{"id":1036,"date":"2024-02-16T20:02:16","date_gmt":"2024-02-16T18:02:16","guid":{"rendered":"https:\/\/enblanc.cat\/servicios\/cedula-de-habitabilidad\/"},"modified":"2024-02-21T10:11:10","modified_gmt":"2024-02-21T08:11:10","slug":"cedula-de-habitabilidad","status":"publish","type":"page","link":"https:\/\/enblanc.cat\/es\/servicios\/cedula-de-habitabilidad\/","title":{"rendered":"C\u00e9dula de habitabilidad"},"content":{"rendered":"\n<p>\u00bfNecesitas vender o alquilar tu vivienda? Te lo ponemos f\u00e1cil. Nos encargamos de todos los tr\u00e1mites necesarios para la obtenci\u00f3n de la c\u00e9dula de habitabilidad, desde la visita a la vivienda, la emisi\u00f3n del informe y el tr\u00e1mite con la Agencia de l\u2019Habitatge. Cons\u00faltanos sin compromiso para mayor informaci\u00f3n o un presupuesto.<\/p>\n\n<div style=\"height:30px\" aria-hidden=\"true\" class=\"wp-block-spacer\"><\/div>\n\n<h2 class=\"wp-block-heading\">\u00bfQu\u00e9 es una c\u00e9dula de habitabilidad?<\/h2>\n\n<p><span style=\"font-weight: 400;\">La <strong>c\u00e9dula de habitabilidad<\/strong> es el documento administrativo que acredita que una vivienda cumple con las <strong>condiciones m\u00ednimas de habitabilidad<\/strong> seg\u00fan la normativa vigente (Decreto 141\/2012) y que por lo tanto, es apta para ser destinada como residencia de personas.<\/span><\/p>\n\n<p>En el caso de renovaciones de c\u00e9dulas se acredita que las condiciones de habitabilidad requeridas a la vivienda en el momento de su construcci\u00f3n, siguen vigentes.<\/p>\n\n<p>La c\u00e9dula de habitabilidad se necesita para la venta de una vivienda, alquiler, y para dar de alta los servicios de agua, electricidad, gas, telecomunicaciones, entre otras.<\/p>\n\n<div style=\"height:30px\" aria-hidden=\"true\" class=\"wp-block-spacer\"><\/div>\n\n<h2 class=\"wp-block-heading\">Diferencias entre una c\u00e9dula de primera y segunda ocupaci\u00f3n<\/h2>\n\n<p>Existen tres tipos de c\u00e9dulas:<\/p>\n\n<ul class=\"wp-block-list\">\n<li><strong>De <\/strong><b>primera ocupaci\u00f3n<\/b><span style=\"font-weight: 400;\">: cuando se refiere a viviendas de nueva construcci\u00f3n.<\/span><\/li>\n\n\n\n<li><strong>De <\/strong><b>primera ocupaci\u00f3n de rehabilitaci\u00f3n<\/b><span style=\"font-weight: 400;\">: cuando se refiere a viviendas que son el resultado de una intervenci\u00f3n o proceso de rehabilitaci\u00f3n o gran rehabilitaci\u00f3n (aumento del n\u00famero de viviendas, cambio de uso para crear una vivienda, redistribuci\u00f3n total de la vivienda: ampliaciones, remontas y derribo de todo el edificio en que se dejan \u00fanicamente las fachadas).<\/span><\/li>\n\n\n\n<li><strong>De <\/strong><b>segunda ocupaci\u00f3n<\/b><span style=\"font-weight: 400;\">: cuando se refiere a viviendas que ya existen.<\/span><\/li>\n<\/ul>\n\n<div style=\"height:30px\" aria-hidden=\"true\" class=\"wp-block-spacer\"><\/div>\n\n<h2 class=\"wp-block-heading\">\u00bfC\u00f3mo se hace el tr\u00e1mite?<\/h2>\n\n<p>La c\u00e9dula de habitabilidad la tiene que tramitar uno\/a t\u00e9cnico\/a con la titulaci\u00f3n de arquitecto o bien arquitecto t\u00e9cnico\/aparejador, colegiado.<\/p>\n\n<p>El t\u00e9cnico habilitado realizar\u00e1 una visita a la vivienda, generar\u00e1 el certificado de habitabilidad y realizar\u00e1 el tr\u00e1mite con la administraci\u00f3n. (Direcci\u00f3 General d\u2019Habitatge de la Generalitat de Catalunya).&#13;\n<\/p>\n\n<div style=\"height:30px\" aria-hidden=\"true\" class=\"wp-block-spacer\"><\/div>\n\n<h2 class=\"wp-block-heading\">Caducidad y renovaci\u00f3n<\/h2>\n\n<p>La c\u00e9dula de habitabilidad tiene una vigencia de 25 a\u00f1os por las viviendas de nueva construcci\u00f3n, y de 15 a\u00f1os para las c\u00e9dulas de segunda ocupaci\u00f3n y de primera ocupaci\u00f3n con rehabilitaci\u00f3n.<\/p>\n\n<p>Las viviendas que est\u00e9n bajo alg\u00fan r\u00e9gimen de protecci\u00f3n p\u00fablica disponen de un documento denominado Calificaci\u00f3n Definitiva. Este sustituye la c\u00e9dula de habitabilidad durante los primeros 10, 15 o 25 a\u00f1os desde el momento de su otorgamiento, seg\u00fan la normativa que le sea de aplicaci\u00f3n. Despu\u00e9s de este periodo ser\u00e1 necesario pedir la c\u00e9dula de habitabilidad por posteriores transmisiones (abanica, alquiler o cesi\u00f3n de uso).<\/p>\n\n<div style=\"height:10px\" aria-hidden=\"true\" class=\"wp-block-spacer\"><\/div>\n\n<figure class=\"wp-block-image size-full is-resized\"><img decoding=\"async\" width=\"231\" height=\"54\" src=\"https:\/\/enblanc.cat\/wp-content\/uploads\/2024\/02\/logo-agencia-habitatge-catalunya.png\" alt=\"\" class=\"wp-image-955\" style=\"width:218px;height:auto\"\/><\/figure>\n","protected":false},"excerpt":{"rendered":"<p>\u00bfNecesitas vender o alquilar tu vivienda? Te lo ponemos f\u00e1cil. Nos encargamos de todos los tr\u00e1mites necesarios para la obtenci\u00f3n de la c\u00e9dula de habitabilidad, desde la visita a la vivienda, la emisi\u00f3n del informe y el tr\u00e1mite con la Agencia de l\u2019Habitatge. Cons\u00faltanos sin compromiso para mayor informaci\u00f3n o un presupuesto. \u00bfQu\u00e9 es una [&hellip;]<\/p>\n","protected":false},"author":1,"featured_media":0,"parent":708,"menu_order":0,"comment_status":"closed","ping_status":"closed","template":"","meta":{"_acf_changed":false,"footnotes":""},"class_list":["post-1036","page","type-page","status-publish","hentry"],"acf":[],"yoast_head":"<!-- This site is optimized with the Yoast SEO plugin v27.5 - https:\/\/yoast.com\/product\/yoast-seo-wordpress\/ -->\n<title>C\u00e9dula de habitabilidad - En Blanc Arquitectura<\/title>\n<meta name=\"robots\" content=\"index, follow, max-snippet:-1, max-image-preview:large, max-video-preview:-1\" \/>\n<link rel=\"canonical\" href=\"https:\/\/enblanc.cat\/es\/servicios\/cedula-de-habitabilidad\/\" \/>\n<meta property=\"og:locale\" content=\"es_ES\" \/>\n<meta property=\"og:type\" content=\"article\" \/>\n<meta property=\"og:title\" content=\"C\u00e9dula de habitabilidad - En Blanc Arquitectura\" \/>\n<meta property=\"og:description\" content=\"\u00bfNecesitas vender o alquilar tu vivienda? Te lo ponemos f\u00e1cil. Nos encargamos de todos los tr\u00e1mites necesarios para la obtenci\u00f3n de la c\u00e9dula de habitabilidad, desde la visita a la vivienda, la emisi\u00f3n del informe y el tr\u00e1mite con la Agencia de l\u2019Habitatge. Cons\u00faltanos sin compromiso para mayor informaci\u00f3n o un presupuesto. \u00bfQu\u00e9 es una [&hellip;]\" \/>\n<meta property=\"og:url\" content=\"https:\/\/enblanc.cat\/es\/servicios\/cedula-de-habitabilidad\/\" \/>\n<meta property=\"og:site_name\" content=\"En Blanc Arquitectura\" \/>\n<meta property=\"article:modified_time\" content=\"2024-02-21T08:11:10+00:00\" \/>\n<meta property=\"og:image\" content=\"https:\/\/enblanc.cat\/wp-content\/uploads\/2024\/02\/logo-agencia-habitatge-catalunya.png\" \/>\n<meta name=\"twitter:card\" content=\"summary_large_image\" \/>\n<meta name=\"twitter:label1\" content=\"Tiempo de lectura\" \/>\n\t<meta name=\"twitter:data1\" content=\"2 minutos\" \/>\n<script type=\"application\/ld+json\" class=\"yoast-schema-graph\">{\"@context\":\"https:\\\/\\\/schema.org\",\"@graph\":[{\"@type\":\"WebPage\",\"@id\":\"https:\\\/\\\/enblanc.cat\\\/es\\\/servicios\\\/cedula-de-habitabilidad\\\/\",\"url\":\"https:\\\/\\\/enblanc.cat\\\/es\\\/servicios\\\/cedula-de-habitabilidad\\\/\",\"name\":\"C\u00e9dula de habitabilidad - En Blanc Arquitectura\",\"isPartOf\":{\"@id\":\"https:\\\/\\\/enblanc.cat\\\/#website\"},\"primaryImageOfPage\":{\"@id\":\"https:\\\/\\\/enblanc.cat\\\/es\\\/servicios\\\/cedula-de-habitabilidad\\\/#primaryimage\"},\"image\":{\"@id\":\"https:\\\/\\\/enblanc.cat\\\/es\\\/servicios\\\/cedula-de-habitabilidad\\\/#primaryimage\"},\"thumbnailUrl\":\"https:\\\/\\\/enblanc.cat\\\/wp-content\\\/uploads\\\/2024\\\/02\\\/logo-agencia-habitatge-catalunya.png\",\"datePublished\":\"2024-02-16T18:02:16+00:00\",\"dateModified\":\"2024-02-21T08:11:10+00:00\",\"breadcrumb\":{\"@id\":\"https:\\\/\\\/enblanc.cat\\\/es\\\/servicios\\\/cedula-de-habitabilidad\\\/#breadcrumb\"},\"inLanguage\":\"es\",\"potentialAction\":[{\"@type\":\"ReadAction\",\"target\":[\"https:\\\/\\\/enblanc.cat\\\/es\\\/servicios\\\/cedula-de-habitabilidad\\\/\"]}]},{\"@type\":\"ImageObject\",\"inLanguage\":\"es\",\"@id\":\"https:\\\/\\\/enblanc.cat\\\/es\\\/servicios\\\/cedula-de-habitabilidad\\\/#primaryimage\",\"url\":\"https:\\\/\\\/enblanc.cat\\\/wp-content\\\/uploads\\\/2024\\\/02\\\/logo-agencia-habitatge-catalunya.png\",\"contentUrl\":\"https:\\\/\\\/enblanc.cat\\\/wp-content\\\/uploads\\\/2024\\\/02\\\/logo-agencia-habitatge-catalunya.png\"},{\"@type\":\"BreadcrumbList\",\"@id\":\"https:\\\/\\\/enblanc.cat\\\/es\\\/servicios\\\/cedula-de-habitabilidad\\\/#breadcrumb\",\"itemListElement\":[{\"@type\":\"ListItem\",\"position\":1,\"name\":\"Inici\",\"item\":\"https:\\\/\\\/enblanc.cat\\\/\"},{\"@type\":\"ListItem\",\"position\":2,\"name\":\"Servicios\",\"item\":\"https:\\\/\\\/enblanc.cat\\\/serveis\\\/\"},{\"@type\":\"ListItem\",\"position\":3,\"name\":\"C\u00e9dula de habitabilidad\"}]},{\"@type\":\"WebSite\",\"@id\":\"https:\\\/\\\/enblanc.cat\\\/#website\",\"url\":\"https:\\\/\\\/enblanc.cat\\\/\",\"name\":\"En Blanc Arquitectura\",\"description\":\"Constru\u00efm espais habitables\",\"publisher\":{\"@id\":\"https:\\\/\\\/enblanc.cat\\\/#organization\"},\"potentialAction\":[{\"@type\":\"SearchAction\",\"target\":{\"@type\":\"EntryPoint\",\"urlTemplate\":\"https:\\\/\\\/enblanc.cat\\\/?s={search_term_string}\"},\"query-input\":{\"@type\":\"PropertyValueSpecification\",\"valueRequired\":true,\"valueName\":\"search_term_string\"}}],\"inLanguage\":\"es\"},{\"@type\":\"Organization\",\"@id\":\"https:\\\/\\\/enblanc.cat\\\/#organization\",\"name\":\"En Blanc Arquitectura\",\"url\":\"https:\\\/\\\/enblanc.cat\\\/\",\"logo\":{\"@type\":\"ImageObject\",\"inLanguage\":\"es\",\"@id\":\"https:\\\/\\\/enblanc.cat\\\/#\\\/schema\\\/logo\\\/image\\\/\",\"url\":\"https:\\\/\\\/enblanc.cat\\\/wp-content\\\/uploads\\\/2024\\\/02\\\/logo-enblanc-arquitectura.svg\",\"contentUrl\":\"https:\\\/\\\/enblanc.cat\\\/wp-content\\\/uploads\\\/2024\\\/02\\\/logo-enblanc-arquitectura.svg\",\"width\":755,\"height\":241,\"caption\":\"En Blanc Arquitectura\"},\"image\":{\"@id\":\"https:\\\/\\\/enblanc.cat\\\/#\\\/schema\\\/logo\\\/image\\\/\"}}]}<\/script>\n<!-- \/ Yoast SEO plugin. -->","yoast_head_json":{"title":"C\u00e9dula de habitabilidad - En Blanc Arquitectura","robots":{"index":"index","follow":"follow","max-snippet":"max-snippet:-1","max-image-preview":"max-image-preview:large","max-video-preview":"max-video-preview:-1"},"canonical":"https:\/\/enblanc.cat\/es\/servicios\/cedula-de-habitabilidad\/","og_locale":"es_ES","og_type":"article","og_title":"C\u00e9dula de habitabilidad - En Blanc Arquitectura","og_description":"\u00bfNecesitas vender o alquilar tu vivienda? Te lo ponemos f\u00e1cil. Nos encargamos de todos los tr\u00e1mites necesarios para la obtenci\u00f3n de la c\u00e9dula de habitabilidad, desde la visita a la vivienda, la emisi\u00f3n del informe y el tr\u00e1mite con la Agencia de l\u2019Habitatge. Cons\u00faltanos sin compromiso para mayor informaci\u00f3n o un presupuesto. \u00bfQu\u00e9 es una [&hellip;]","og_url":"https:\/\/enblanc.cat\/es\/servicios\/cedula-de-habitabilidad\/","og_site_name":"En Blanc Arquitectura","article_modified_time":"2024-02-21T08:11:10+00:00","og_image":[{"url":"https:\/\/enblanc.cat\/wp-content\/uploads\/2024\/02\/logo-agencia-habitatge-catalunya.png","type":"","width":"","height":""}],"twitter_card":"summary_large_image","twitter_misc":{"Tiempo de lectura":"2 minutos"},"schema":{"@context":"https:\/\/schema.org","@graph":[{"@type":"WebPage","@id":"https:\/\/enblanc.cat\/es\/servicios\/cedula-de-habitabilidad\/","url":"https:\/\/enblanc.cat\/es\/servicios\/cedula-de-habitabilidad\/","name":"C\u00e9dula de habitabilidad - En Blanc Arquitectura","isPartOf":{"@id":"https:\/\/enblanc.cat\/#website"},"primaryImageOfPage":{"@id":"https:\/\/enblanc.cat\/es\/servicios\/cedula-de-habitabilidad\/#primaryimage"},"image":{"@id":"https:\/\/enblanc.cat\/es\/servicios\/cedula-de-habitabilidad\/#primaryimage"},"thumbnailUrl":"https:\/\/enblanc.cat\/wp-content\/uploads\/2024\/02\/logo-agencia-habitatge-catalunya.png","datePublished":"2024-02-16T18:02:16+00:00","dateModified":"2024-02-21T08:11:10+00:00","breadcrumb":{"@id":"https:\/\/enblanc.cat\/es\/servicios\/cedula-de-habitabilidad\/#breadcrumb"},"inLanguage":"es","potentialAction":[{"@type":"ReadAction","target":["https:\/\/enblanc.cat\/es\/servicios\/cedula-de-habitabilidad\/"]}]},{"@type":"ImageObject","inLanguage":"es","@id":"https:\/\/enblanc.cat\/es\/servicios\/cedula-de-habitabilidad\/#primaryimage","url":"https:\/\/enblanc.cat\/wp-content\/uploads\/2024\/02\/logo-agencia-habitatge-catalunya.png","contentUrl":"https:\/\/enblanc.cat\/wp-content\/uploads\/2024\/02\/logo-agencia-habitatge-catalunya.png"},{"@type":"BreadcrumbList","@id":"https:\/\/enblanc.cat\/es\/servicios\/cedula-de-habitabilidad\/#breadcrumb","itemListElement":[{"@type":"ListItem","position":1,"name":"Inici","item":"https:\/\/enblanc.cat\/"},{"@type":"ListItem","position":2,"name":"Servicios","item":"https:\/\/enblanc.cat\/serveis\/"},{"@type":"ListItem","position":3,"name":"C\u00e9dula de habitabilidad"}]},{"@type":"WebSite","@id":"https:\/\/enblanc.cat\/#website","url":"https:\/\/enblanc.cat\/","name":"En Blanc Arquitectura","description":"Constru\u00efm espais habitables","publisher":{"@id":"https:\/\/enblanc.cat\/#organization"},"potentialAction":[{"@type":"SearchAction","target":{"@type":"EntryPoint","urlTemplate":"https:\/\/enblanc.cat\/?s={search_term_string}"},"query-input":{"@type":"PropertyValueSpecification","valueRequired":true,"valueName":"search_term_string"}}],"inLanguage":"es"},{"@type":"Organization","@id":"https:\/\/enblanc.cat\/#organization","name":"En Blanc Arquitectura","url":"https:\/\/enblanc.cat\/","logo":{"@type":"ImageObject","inLanguage":"es","@id":"https:\/\/enblanc.cat\/#\/schema\/logo\/image\/","url":"https:\/\/enblanc.cat\/wp-content\/uploads\/2024\/02\/logo-enblanc-arquitectura.svg","contentUrl":"https:\/\/enblanc.cat\/wp-content\/uploads\/2024\/02\/logo-enblanc-arquitectura.svg","width":755,"height":241,"caption":"En Blanc Arquitectura"},"image":{"@id":"https:\/\/enblanc.cat\/#\/schema\/logo\/image\/"}}]}},"_links":{"self":[{"href":"https:\/\/enblanc.cat\/es\/wp-json\/wp\/v2\/pages\/1036","targetHints":{"allow":["GET"]}}],"collection":[{"href":"https:\/\/enblanc.cat\/es\/wp-json\/wp\/v2\/pages"}],"about":[{"href":"https:\/\/enblanc.cat\/es\/wp-json\/wp\/v2\/types\/page"}],"author":[{"embeddable":true,"href":"https:\/\/enblanc.cat\/es\/wp-json\/wp\/v2\/users\/1"}],"replies":[{"embeddable":true,"href":"https:\/\/enblanc.cat\/es\/wp-json\/wp\/v2\/comments?post=1036"}],"version-history":[{"count":1,"href":"https:\/\/enblanc.cat\/es\/wp-json\/wp\/v2\/pages\/1036\/revisions"}],"predecessor-version":[{"id":1037,"href":"https:\/\/enblanc.cat\/es\/wp-json\/wp\/v2\/pages\/1036\/revisions\/1037"}],"up":[{"embeddable":true,"href":"https:\/\/enblanc.cat\/es\/wp-json\/wp\/v2\/pages\/708"}],"wp:attachment":[{"href":"https:\/\/enblanc.cat\/es\/wp-json\/wp\/v2\/media?parent=1036"}],"curies":[{"name":"wp","href":"https:\/\/api.w.org\/{rel}","templated":true}]}}