{"id":703,"date":"2024-01-30T10:10:42","date_gmt":"2024-01-30T08:10:42","guid":{"rendered":"https:\/\/enblanc.cat\/estudio\/"},"modified":"2024-02-19T16:58:05","modified_gmt":"2024-02-19T14:58:05","slug":"estudio","status":"publish","type":"page","link":"https:\/\/enblanc.cat\/es\/estudio\/","title":{"rendered":"Estudio"},"content":{"rendered":"\t\t<div data-elementor-type=\"wp-page\" data-elementor-id=\"703\" class=\"elementor elementor-703 elementor-16\" data-elementor-post-type=\"page\">\n\t\t\t\t<div class=\"elementor-element elementor-element-314e128 e-flex e-con-boxed e-con e-parent\" data-id=\"314e128\" data-element_type=\"container\">\n\t\t\t\t\t<div class=\"e-con-inner\">\n\t\t\t\t<div class=\"elementor-element elementor-element-581b2e8 elementor-widget elementor-widget-heading\" data-id=\"581b2e8\" data-element_type=\"widget\" data-widget_type=\"heading.default\">\n\t\t\t\t\t<h2 class=\"elementor-heading-title elementor-size-default\">Estudio<\/h2>\t\t\t\t<\/div>\n\t\t\t\t<div class=\"elementor-element elementor-element-dc547c4 elementor-widget elementor-widget-heading\" data-id=\"dc547c4\" data-element_type=\"widget\" data-widget_type=\"heading.default\">\n\t\t\t\t\t<h1 class=\"elementor-heading-title elementor-size-default\">Estudio de arquitectura en Figueres, Girona. Os acompa\u00f1amos desde las primeras ideas y esbozos, hasta los \u00faltimos tr\u00e1mites al finalizar vuestro proyecto.<\/h1>\t\t\t\t<\/div>\n\t\t\t\t<div class=\"elementor-element elementor-element-df8db48 elementor-widget elementor-widget-text-editor\" data-id=\"df8db48\" data-element_type=\"widget\" data-widget_type=\"text-editor.default\">\n\t\t\t\t\t\t\t\t\tOfrecemos un asesoramiento en todas las fases del proyecto arquitect\u00f3nico, escuchando las ideas del cliente y aportando la nuestro experiencia y conocimientos. Arquitectura c\u00f3moda, agradable y pr\u00e1ctica; con atenci\u00f3n al peque\u00f1o detalle.\t\t\t\t\t\t\t\t<\/div>\n\t\t\t\t\t<\/div>\n\t\t\t\t<\/div>\n\t\t<div class=\"elementor-element elementor-element-1abbd2d e-flex e-con-boxed e-con e-parent\" data-id=\"1abbd2d\" data-element_type=\"container\" data-settings=\"{&quot;background_background&quot;:&quot;classic&quot;}\">\n\t\t\t\t\t<div class=\"e-con-inner\">\n\t\t\t\t\t<\/div>\n\t\t\t\t<\/div>\n\t\t<div class=\"elementor-element elementor-element-7c04c37 e-flex e-con-boxed e-con e-parent\" data-id=\"7c04c37\" data-element_type=\"container\">\n\t\t\t\t\t<div class=\"e-con-inner\">\n\t\t<div class=\"elementor-element elementor-element-5cc7376 e-con-full e-flex e-con e-child\" data-id=\"5cc7376\" data-element_type=\"container\">\n\t\t\t\t<div class=\"elementor-element elementor-element-cd85ec9 elementor-widget elementor-widget-heading\" data-id=\"cd85ec9\" data-element_type=\"widget\" data-widget_type=\"heading.default\">\n\t\t\t\t\t<h2 class=\"elementor-heading-title elementor-size-default\">Somos un equipo pluridisciplinar formado por profesionales de diferentes \u00e1mbitos de la arquitectura y la ingenier\u00eda. <\/h2>\t\t\t\t<\/div>\n\t\t\t\t<div class=\"elementor-element elementor-element-381ad9e elementor-widget elementor-widget-image\" data-id=\"381ad9e\" data-element_type=\"widget\" data-widget_type=\"image.default\">\n\t\t\t\t\t\t\t\t\t\t\t\t\t\t\t<img fetchpriority=\"high\" decoding=\"async\" width=\"470\" height=\"536\" src=\"https:\/\/enblanc.cat\/wp-content\/uploads\/2024\/02\/estudi-marc.webp\" class=\"attachment-full size-full wp-image-653\" alt=\"\" srcset=\"https:\/\/enblanc.cat\/wp-content\/uploads\/2024\/02\/estudi-marc.webp 470w, https:\/\/enblanc.cat\/wp-content\/uploads\/2024\/02\/estudi-marc-263x300.webp 263w\" sizes=\"(max-width: 470px) 100vw, 470px\" \/>\t\t\t\t\t\t\t\t\t\t\t\t\t\t\t<\/div>\n\t\t\t\t<\/div>\n\t\t<div class=\"elementor-element elementor-element-499c379 e-con-full e-flex e-con e-child\" data-id=\"499c379\" data-element_type=\"container\">\n\t\t\t\t<div class=\"elementor-element elementor-element-7da5e6b elementor-widget elementor-widget-text-editor\" data-id=\"7da5e6b\" data-element_type=\"widget\" data-widget_type=\"text-editor.default\">\n\t\t\t\t\t\t\t\t\t<p>Yo soy \u00c1lex Sol\u00e9s, jefe visible del estudio de arquitectura. Despu\u00e9s de unos a\u00f1os trabajando en el sector privado, abre el estudio para poder dar salida a diferentes proyectos con la idea de crear espacios pr\u00e1cticos, c\u00f3modos y agradables. La experiencia y los conocimientos adquiridos en el recorrido resultan en la creaci\u00f3n de unos espacios \u00fanicos, con mucho car\u00e1cter y funcionalidad.<\/p>\n<p>Graduado en Arquitectura y en Arquitectura T\u00e9cnica por la Escola Polit\u00e8cnica Superior de la Universitat de Girona. M\u00e1ster en Arquitectura. Especializaci\u00f3n en gesti\u00f3n energ\u00e9tica de edificios. Experimentado en el dise\u00f1o y c\u00e1lculo de estructuras, y en metodolog\u00eda BIM. Colaborador en varios proyectos y concursos p\u00fablicos con otros equipos profesionales. Funda el estudio de arquitectura el 2022 para gestionar proyectos de \u00e1mbito residencial, comercial y de rehabilitaci\u00f3n.<\/p>\n<p>En nuestro equipo estamos preparados para desarrollar tus proyectos con la mayor solvencia t\u00e9cnica y econ\u00f3mica. En constante formaci\u00f3n, estamos en el d\u00eda de las \u00faltimas novedades del sector para ofrecer el mejor servicio a nuestros clientes. Disponemos de una red de colaboradores externos con la que poder garantizar la m\u00e1xima calidad de los proyectos.<\/p>\n\t\t\t\t\t\t\t\t<\/div>\n\t\t<div class=\"elementor-element elementor-element-6e1f2ec e-flex e-con-boxed e-con e-child\" data-id=\"6e1f2ec\" data-element_type=\"container\">\n\t\t\t\t\t<div class=\"e-con-inner\">\n\t\t\t\t<div class=\"elementor-element elementor-element-99656af elementor-widget__width-auto elementor-widget elementor-widget-button\" data-id=\"99656af\" data-element_type=\"widget\" data-widget_type=\"button.default\">\n\t\t\t\t\t\t\t\t\t\t<a class=\"elementor-button elementor-button-link elementor-size-sm\" href=\"https:\/\/enblanc.cat\/es\/projectos\/\">\n\t\t\t\t\t\t<span class=\"elementor-button-content-wrapper\">\n\t\t\t\t\t\t<span class=\"elementor-button-icon\">\n\t\t\t\t<svg xmlns=\"http:\/\/www.w3.org\/2000\/svg\" width=\"13\" height=\"13\" viewBox=\"0 0 13 13\" fill=\"none\"><path d=\"M12.5 0.5L0.5 12.5M12.5 0.5H0.5M12.5 0.5V12.5\" stroke=\"#726C62\"><\/path><\/svg>\t\t\t<\/span>\n\t\t\t\t\t\t\t\t\t<span class=\"elementor-button-text\">Ver proyectos<\/span>\n\t\t\t\t\t<\/span>\n\t\t\t\t\t<\/a>\n\t\t\t\t\t\t\t\t<\/div>\n\t\t\t\t<div class=\"elementor-element elementor-element-af1a41a elementor-widget__width-auto elementor-hidden-mobile elementor-widget elementor-widget-button\" data-id=\"af1a41a\" data-element_type=\"widget\" data-widget_type=\"button.default\">\n\t\t\t\t\t\t\t\t\t\t<a class=\"elementor-button elementor-button-link elementor-size-sm\" href=\"https:\/\/enblanc.cat\/es\/contacto\/\">\n\t\t\t\t\t\t<span class=\"elementor-button-content-wrapper\">\n\t\t\t\t\t\t<span class=\"elementor-button-icon\">\n\t\t\t\t<svg xmlns=\"http:\/\/www.w3.org\/2000\/svg\" width=\"13\" height=\"13\" viewBox=\"0 0 13 13\" fill=\"none\"><path d=\"M12.5 0.5L0.5 12.5M12.5 0.5H0.5M12.5 0.5V12.5\" stroke=\"#726C62\"><\/path><\/svg>\t\t\t<\/span>\n\t\t\t\t\t\t\t\t\t<span class=\"elementor-button-text\">Cont\u00e1ctanos<\/span>\n\t\t\t\t\t<\/span>\n\t\t\t\t\t<\/a>\n\t\t\t\t\t\t\t\t<\/div>\n\t\t\t\t\t<\/div>\n\t\t\t\t<\/div>\n\t\t\t\t<\/div>\n\t\t\t\t\t<\/div>\n\t\t\t\t<\/div>\n\t\t\t\t<\/div>\n\t\t","protected":false},"excerpt":{"rendered":"<p>Estudio Estudio de arquitectura en Figueres, Girona. Os acompa\u00f1amos desde las primeras ideas y esbozos, hasta los \u00faltimos tr\u00e1mites al finalizar vuestro proyecto. Ofrecemos un asesoramiento en todas las fases del proyecto arquitect\u00f3nico, escuchando las ideas del cliente y aportando la nuestro experiencia y conocimientos. Arquitectura c\u00f3moda, agradable y pr\u00e1ctica; con atenci\u00f3n al peque\u00f1o detalle. [&hellip;]<\/p>\n","protected":false},"author":1,"featured_media":0,"parent":0,"menu_order":0,"comment_status":"closed","ping_status":"closed","template":"elementor_header_footer","meta":{"_acf_changed":false,"footnotes":""},"class_list":["post-703","page","type-page","status-publish","hentry"],"acf":[],"yoast_head":"<!-- This site is optimized with the Yoast SEO plugin v27.5 - https:\/\/yoast.com\/product\/yoast-seo-wordpress\/ -->\n<title>Estudio - En Blanc Arquitectura<\/title>\n<meta name=\"robots\" content=\"index, follow, max-snippet:-1, max-image-preview:large, max-video-preview:-1\" \/>\n<link rel=\"canonical\" href=\"https:\/\/enblanc.cat\/estudi\/\" \/>\n<meta property=\"og:locale\" content=\"es_ES\" \/>\n<meta property=\"og:type\" content=\"article\" \/>\n<meta property=\"og:title\" content=\"Estudio - En Blanc Arquitectura\" \/>\n<meta property=\"og:description\" content=\"Estudio Estudio de arquitectura en Figueres, Girona. Os acompa\u00f1amos desde las primeras ideas y esbozos, hasta los \u00faltimos tr\u00e1mites al finalizar vuestro proyecto. Ofrecemos un asesoramiento en todas las fases del proyecto arquitect\u00f3nico, escuchando las ideas del cliente y aportando la nuestro experiencia y conocimientos. Arquitectura c\u00f3moda, agradable y pr\u00e1ctica; con atenci\u00f3n al peque\u00f1o detalle. [&hellip;]\" \/>\n<meta property=\"og:url\" content=\"https:\/\/enblanc.cat\/estudi\/\" \/>\n<meta property=\"og:site_name\" content=\"En Blanc Arquitectura\" \/>\n<meta property=\"article:modified_time\" content=\"2024-02-19T14:58:05+00:00\" \/>\n<meta property=\"og:image\" content=\"https:\/\/enblanc.cat\/wp-content\/uploads\/2024\/02\/estudi-marc.webp\" \/>\n<meta name=\"twitter:card\" content=\"summary_large_image\" \/>\n<meta name=\"twitter:label1\" content=\"Tiempo de lectura\" \/>\n\t<meta name=\"twitter:data1\" content=\"1 minuto\" \/>\n<script type=\"application\/ld+json\" class=\"yoast-schema-graph\">{\"@context\":\"https:\\\/\\\/schema.org\",\"@graph\":[{\"@type\":\"WebPage\",\"@id\":\"https:\\\/\\\/enblanc.cat\\\/estudi\\\/\",\"url\":\"https:\\\/\\\/enblanc.cat\\\/estudi\\\/\",\"name\":\"Estudio - En Blanc Arquitectura\",\"isPartOf\":{\"@id\":\"https:\\\/\\\/enblanc.cat\\\/#website\"},\"primaryImageOfPage\":{\"@id\":\"https:\\\/\\\/enblanc.cat\\\/estudi\\\/#primaryimage\"},\"image\":{\"@id\":\"https:\\\/\\\/enblanc.cat\\\/estudi\\\/#primaryimage\"},\"thumbnailUrl\":\"https:\\\/\\\/enblanc.cat\\\/wp-content\\\/uploads\\\/2024\\\/02\\\/estudi-marc.webp\",\"datePublished\":\"2024-01-30T08:10:42+00:00\",\"dateModified\":\"2024-02-19T14:58:05+00:00\",\"breadcrumb\":{\"@id\":\"https:\\\/\\\/enblanc.cat\\\/estudi\\\/#breadcrumb\"},\"inLanguage\":\"es\",\"potentialAction\":[{\"@type\":\"ReadAction\",\"target\":[\"https:\\\/\\\/enblanc.cat\\\/estudi\\\/\"]}]},{\"@type\":\"ImageObject\",\"inLanguage\":\"es\",\"@id\":\"https:\\\/\\\/enblanc.cat\\\/estudi\\\/#primaryimage\",\"url\":\"https:\\\/\\\/enblanc.cat\\\/wp-content\\\/uploads\\\/2024\\\/02\\\/estudi-marc.webp\",\"contentUrl\":\"https:\\\/\\\/enblanc.cat\\\/wp-content\\\/uploads\\\/2024\\\/02\\\/estudi-marc.webp\"},{\"@type\":\"BreadcrumbList\",\"@id\":\"https:\\\/\\\/enblanc.cat\\\/estudi\\\/#breadcrumb\",\"itemListElement\":[{\"@type\":\"ListItem\",\"position\":1,\"name\":\"Inici\",\"item\":\"https:\\\/\\\/enblanc.cat\\\/\"},{\"@type\":\"ListItem\",\"position\":2,\"name\":\"Estudio\"}]},{\"@type\":\"WebSite\",\"@id\":\"https:\\\/\\\/enblanc.cat\\\/#website\",\"url\":\"https:\\\/\\\/enblanc.cat\\\/\",\"name\":\"En Blanc Arquitectura\",\"description\":\"Constru\u00efm espais habitables\",\"publisher\":{\"@id\":\"https:\\\/\\\/enblanc.cat\\\/#organization\"},\"potentialAction\":[{\"@type\":\"SearchAction\",\"target\":{\"@type\":\"EntryPoint\",\"urlTemplate\":\"https:\\\/\\\/enblanc.cat\\\/?s={search_term_string}\"},\"query-input\":{\"@type\":\"PropertyValueSpecification\",\"valueRequired\":true,\"valueName\":\"search_term_string\"}}],\"inLanguage\":\"es\"},{\"@type\":\"Organization\",\"@id\":\"https:\\\/\\\/enblanc.cat\\\/#organization\",\"name\":\"En Blanc Arquitectura\",\"url\":\"https:\\\/\\\/enblanc.cat\\\/\",\"logo\":{\"@type\":\"ImageObject\",\"inLanguage\":\"es\",\"@id\":\"https:\\\/\\\/enblanc.cat\\\/#\\\/schema\\\/logo\\\/image\\\/\",\"url\":\"https:\\\/\\\/enblanc.cat\\\/wp-content\\\/uploads\\\/2024\\\/02\\\/logo-enblanc-arquitectura.svg\",\"contentUrl\":\"https:\\\/\\\/enblanc.cat\\\/wp-content\\\/uploads\\\/2024\\\/02\\\/logo-enblanc-arquitectura.svg\",\"width\":755,\"height\":241,\"caption\":\"En Blanc Arquitectura\"},\"image\":{\"@id\":\"https:\\\/\\\/enblanc.cat\\\/#\\\/schema\\\/logo\\\/image\\\/\"}}]}<\/script>\n<!-- \/ Yoast SEO plugin. -->","yoast_head_json":{"title":"Estudio - En Blanc Arquitectura","robots":{"index":"index","follow":"follow","max-snippet":"max-snippet:-1","max-image-preview":"max-image-preview:large","max-video-preview":"max-video-preview:-1"},"canonical":"https:\/\/enblanc.cat\/estudi\/","og_locale":"es_ES","og_type":"article","og_title":"Estudio - En Blanc Arquitectura","og_description":"Estudio Estudio de arquitectura en Figueres, Girona. Os acompa\u00f1amos desde las primeras ideas y esbozos, hasta los \u00faltimos tr\u00e1mites al finalizar vuestro proyecto. Ofrecemos un asesoramiento en todas las fases del proyecto arquitect\u00f3nico, escuchando las ideas del cliente y aportando la nuestro experiencia y conocimientos. Arquitectura c\u00f3moda, agradable y pr\u00e1ctica; con atenci\u00f3n al peque\u00f1o detalle. [&hellip;]","og_url":"https:\/\/enblanc.cat\/estudi\/","og_site_name":"En Blanc Arquitectura","article_modified_time":"2024-02-19T14:58:05+00:00","og_image":[{"url":"https:\/\/enblanc.cat\/wp-content\/uploads\/2024\/02\/estudi-marc.webp","type":"","width":"","height":""}],"twitter_card":"summary_large_image","twitter_misc":{"Tiempo de lectura":"1 minuto"},"schema":{"@context":"https:\/\/schema.org","@graph":[{"@type":"WebPage","@id":"https:\/\/enblanc.cat\/estudi\/","url":"https:\/\/enblanc.cat\/estudi\/","name":"Estudio - En Blanc Arquitectura","isPartOf":{"@id":"https:\/\/enblanc.cat\/#website"},"primaryImageOfPage":{"@id":"https:\/\/enblanc.cat\/estudi\/#primaryimage"},"image":{"@id":"https:\/\/enblanc.cat\/estudi\/#primaryimage"},"thumbnailUrl":"https:\/\/enblanc.cat\/wp-content\/uploads\/2024\/02\/estudi-marc.webp","datePublished":"2024-01-30T08:10:42+00:00","dateModified":"2024-02-19T14:58:05+00:00","breadcrumb":{"@id":"https:\/\/enblanc.cat\/estudi\/#breadcrumb"},"inLanguage":"es","potentialAction":[{"@type":"ReadAction","target":["https:\/\/enblanc.cat\/estudi\/"]}]},{"@type":"ImageObject","inLanguage":"es","@id":"https:\/\/enblanc.cat\/estudi\/#primaryimage","url":"https:\/\/enblanc.cat\/wp-content\/uploads\/2024\/02\/estudi-marc.webp","contentUrl":"https:\/\/enblanc.cat\/wp-content\/uploads\/2024\/02\/estudi-marc.webp"},{"@type":"BreadcrumbList","@id":"https:\/\/enblanc.cat\/estudi\/#breadcrumb","itemListElement":[{"@type":"ListItem","position":1,"name":"Inici","item":"https:\/\/enblanc.cat\/"},{"@type":"ListItem","position":2,"name":"Estudio"}]},{"@type":"WebSite","@id":"https:\/\/enblanc.cat\/#website","url":"https:\/\/enblanc.cat\/","name":"En Blanc Arquitectura","description":"Constru\u00efm espais habitables","publisher":{"@id":"https:\/\/enblanc.cat\/#organization"},"potentialAction":[{"@type":"SearchAction","target":{"@type":"EntryPoint","urlTemplate":"https:\/\/enblanc.cat\/?s={search_term_string}"},"query-input":{"@type":"PropertyValueSpecification","valueRequired":true,"valueName":"search_term_string"}}],"inLanguage":"es"},{"@type":"Organization","@id":"https:\/\/enblanc.cat\/#organization","name":"En Blanc Arquitectura","url":"https:\/\/enblanc.cat\/","logo":{"@type":"ImageObject","inLanguage":"es","@id":"https:\/\/enblanc.cat\/#\/schema\/logo\/image\/","url":"https:\/\/enblanc.cat\/wp-content\/uploads\/2024\/02\/logo-enblanc-arquitectura.svg","contentUrl":"https:\/\/enblanc.cat\/wp-content\/uploads\/2024\/02\/logo-enblanc-arquitectura.svg","width":755,"height":241,"caption":"En Blanc Arquitectura"},"image":{"@id":"https:\/\/enblanc.cat\/#\/schema\/logo\/image\/"}}]}},"_links":{"self":[{"href":"https:\/\/enblanc.cat\/es\/wp-json\/wp\/v2\/pages\/703","targetHints":{"allow":["GET"]}}],"collection":[{"href":"https:\/\/enblanc.cat\/es\/wp-json\/wp\/v2\/pages"}],"about":[{"href":"https:\/\/enblanc.cat\/es\/wp-json\/wp\/v2\/types\/page"}],"author":[{"embeddable":true,"href":"https:\/\/enblanc.cat\/es\/wp-json\/wp\/v2\/users\/1"}],"replies":[{"embeddable":true,"href":"https:\/\/enblanc.cat\/es\/wp-json\/wp\/v2\/comments?post=703"}],"version-history":[{"count":8,"href":"https:\/\/enblanc.cat\/es\/wp-json\/wp\/v2\/pages\/703\/revisions"}],"predecessor-version":[{"id":1007,"href":"https:\/\/enblanc.cat\/es\/wp-json\/wp\/v2\/pages\/703\/revisions\/1007"}],"wp:attachment":[{"href":"https:\/\/enblanc.cat\/es\/wp-json\/wp\/v2\/media?parent=703"}],"curies":[{"name":"wp","href":"https:\/\/api.w.org\/{rel}","templated":true}]}}